{"id":501,"date":"2015-12-03T14:58:24","date_gmt":"2015-12-03T13:58:24","guid":{"rendered":"http:\/\/www.mjlesgaislurons.be\/wordpress\/?page_id=501"},"modified":"2025-05-18T23:25:23","modified_gmt":"2025-05-18T22:25:23","slug":"administrateurs","status":"publish","type":"page","link":"https:\/\/www.mjlesgaislurons.be\/wordpress\/administrateurs\/","title":{"rendered":"Administrateurs"},"content":{"rendered":"<h1><span style=\"text-decoration: underline;\"><span style=\"color: #ff0000; text-decoration: underline;\">Administrateurs<\/span><\/span><\/h1>\n<hr \/>\n<p><u>L&rsquo;Organe d\u2019administration<\/u> est compos\u00e9 de personnes morales ou physiques qui ont la responsabilit\u00e9 de diriger une entreprise priv\u00e9e , un \u00e9tablissement publique ou une autre institutions publique (abr\u00e9viation OA). Ils ont notamment la charge, au sein de la MJ, de veillez au suivi des animatrices permanentes et de leurs activit\u00e9s, et bien d&rsquo;autres choses encore&#8230;<\/p>\n<div id=\"attachment_470\" style=\"width: 75px\" class=\"wp-caption alignleft\"><a href=\"https:\/\/www.mjlesgaislurons.be\/wordpress\/wp-content\/uploads\/2015\/11\/maryse-hoebeke.png\"><img loading=\"lazy\" decoding=\"async\" aria-describedby=\"caption-attachment-470\" class=\"size-full wp-image-470\" src=\"https:\/\/www.mjlesgaislurons.be\/wordpress\/wp-content\/uploads\/2015\/11\/maryse-hoebeke.png\" alt=\"Maryse Hoebeke\" width=\"65\" height=\"88\" \/><\/a><p id=\"caption-attachment-470\" class=\"wp-caption-text\">Maryse Hoebeke<\/p><\/div>\n<p>&nbsp;<\/p>\n<p>&nbsp;<\/p>\n<p>Pr\u00e9sidente ASBL et Administratrice D\u00e9l\u00e9gu\u00e9e.<\/p>\n<p>&nbsp;<\/p>\n<p>&nbsp;<\/p>\n<p>&nbsp;<\/p>\n<div id=\"attachment_474\" style=\"width: 76px\" class=\"wp-caption alignleft\"><img loading=\"lazy\" decoding=\"async\" aria-describedby=\"caption-attachment-474\" class=\"wp-image-474 size-full\" src=\"https:\/\/www.mjlesgaislurons.be\/wordpress\/wp-content\/uploads\/2015\/11\/serge-f\u00e9vrier.png\" alt=\"Serge F\u00e9vrier\" width=\"66\" height=\"89\" \/><p id=\"caption-attachment-474\" class=\"wp-caption-text\">Serge F\u00e9vrier<\/p><\/div>\n<p>&nbsp;<\/p>\n<p>&nbsp;<\/p>\n<p>Administrateur<\/p>\n<p>&nbsp;<\/p>\n<p>&nbsp;<\/p>\n<p>&nbsp;<\/p>\n<div id=\"attachment_505\" style=\"width: 73px\" class=\"wp-caption alignleft\"><a href=\"https:\/\/www.mjlesgaislurons.be\/wordpress\/wp-content\/uploads\/2015\/12\/marie-madeleine-gengler.png\"><img loading=\"lazy\" decoding=\"async\" aria-describedby=\"caption-attachment-505\" class=\"wp-image-505 size-full\" src=\"https:\/\/www.mjlesgaislurons.be\/wordpress\/wp-content\/uploads\/2015\/12\/marie-madeleine-gengler.png\" alt=\"Marie Madeleine Gengler\" width=\"63\" height=\"93\" \/><\/a><p id=\"caption-attachment-505\" class=\"wp-caption-text\">Marie Madeleine Gengler<\/p><\/div>\n<p>&nbsp;<\/p>\n<p>&nbsp;<\/p>\n<p>Administratrice<\/p>\n<p>&nbsp;<\/p>\n<p>&nbsp;<\/p>\n<p>&nbsp;<\/p>\n<div id=\"attachment_503\" style=\"width: 77px\" class=\"wp-caption alignleft\"><a href=\"https:\/\/www.mjlesgaislurons.be\/wordpress\/wp-content\/uploads\/2015\/12\/s\u00e9verine-vrancx.png\"><img loading=\"lazy\" decoding=\"async\" aria-describedby=\"caption-attachment-503\" class=\"size-full wp-image-503\" src=\"https:\/\/www.mjlesgaislurons.be\/wordpress\/wp-content\/uploads\/2015\/12\/s\u00e9verine-vrancx.png\" alt=\"S\u00e9verine Vrancx\" width=\"67\" height=\"88\" \/><\/a><p id=\"caption-attachment-503\" class=\"wp-caption-text\">S\u00e9verine Vrancx<\/p><\/div>\n<p>&nbsp;<\/p>\n<p>&nbsp;<\/p>\n<p>Administratrice<\/p>\n<p>&nbsp;<\/p>\n<p>&nbsp;<\/p>\n<p>&nbsp;<\/p>\n<p>&nbsp;<\/p>\n<p>&nbsp;<\/p>\n<div id=\"attachment_479\" style=\"width: 72px\" class=\"wp-caption alignleft\"><a href=\"https:\/\/www.mjlesgaislurons.be\/wordpress\/wp-content\/uploads\/2015\/11\/vincent-f\u00e9vrier.png\"><img loading=\"lazy\" decoding=\"async\" aria-describedby=\"caption-attachment-479\" class=\"size-full wp-image-479\" src=\"https:\/\/www.mjlesgaislurons.be\/wordpress\/wp-content\/uploads\/2015\/11\/vincent-f\u00e9vrier.png\" alt=\"Vincent F\u00e9vrier\" width=\"62\" height=\"84\" \/><\/a><p id=\"caption-attachment-479\" class=\"wp-caption-text\">Vincent F\u00e9vrier<\/p><\/div>\n<p>&nbsp;<\/p>\n<p>&nbsp;<\/p>\n<p>Administrateur, d\u00e9l\u00e9gu\u00e9 \u00e0 la gestion journali\u00e8re<\/p>\n<p>&nbsp;<\/p>\n<p>&nbsp;<\/p>\n<p>&nbsp;<\/p>\n<p>&nbsp;<\/p>\n<div id=\"attachment_459\" style=\"width: 79px\" class=\"wp-caption alignleft\"><a href=\"https:\/\/www.mjlesgaislurons.be\/wordpress\/wp-content\/uploads\/2015\/11\/ana-fernandez-tamargo.png\"><img loading=\"lazy\" decoding=\"async\" aria-describedby=\"caption-attachment-459\" class=\"size-full wp-image-459\" src=\"https:\/\/www.mjlesgaislurons.be\/wordpress\/wp-content\/uploads\/2015\/11\/ana-fernandez-tamargo.png\" alt=\"Ana Fernandez Tamargo\" width=\"69\" height=\"89\" \/><\/a><p id=\"caption-attachment-459\" class=\"wp-caption-text\">Ana Fernandez Tamargo<\/p><\/div>\n<p>&nbsp;<\/p>\n<p>&nbsp;<\/p>\n<p>Administratrice<\/p>\n<p>&nbsp;<\/p>\n<p>&nbsp;<\/p>\n<p>&nbsp;<\/p>\n<p>Lisa Gianessi Aministratrice<\/p>\n<p>Lisa Marie Rossi Administratrice<\/p>\n<p>Florie Bockstael Administratrice<\/p>\n<p>Chiara Ruggieri Administratrice<\/p>\n<p>&nbsp;<\/p>\n","protected":false},"excerpt":{"rendered":"<p>Administrateurs L&rsquo;Organe d\u2019administration est compos\u00e9 de personnes morales ou physiques qui ont la responsabilit\u00e9 de diriger une entreprise priv\u00e9e , un \u00e9tablissement publique ou une autre institutions publique (abr\u00e9viation OA). Ils ont notamment la charge, au sein de la MJ, de veillez au suivi des animatrices permanentes et de leurs activit\u00e9s, et bien d&rsquo;autres choses [&hellip;]<\/p>\n","protected":false},"author":6,"featured_media":0,"parent":0,"menu_order":0,"comment_status":"closed","ping_status":"closed","template":"","meta":{"footnotes":""},"class_list":["post-501","page","type-page","status-publish","hentry"],"yoast_head":"<!-- This site is optimized with the Yoast SEO plugin v25.9 - https:\/\/yoast.com\/wordpress\/plugins\/seo\/ -->\n<title>Administrateurs - Maison des Jeunes Les Gais Lurons Asbl<\/title>\n<meta name=\"description\" content=\"Liste des administrateurs de la Maison des Jeunes les Gais Lurons ASBL.\" \/>\n<meta name=\"robots\" content=\"index, follow, max-snippet:-1, max-image-preview:large, max-video-preview:-1\" \/>\n<link rel=\"canonical\" href=\"https:\/\/www.mjlesgaislurons.be\/wordpress\/administrateurs\/\" \/>\n<meta property=\"og:locale\" content=\"fr_FR\" \/>\n<meta property=\"og:type\" content=\"article\" \/>\n<meta property=\"og:title\" content=\"Administrateurs - Maison des Jeunes Les Gais Lurons Asbl\" \/>\n<meta property=\"og:description\" content=\"Liste des administrateurs de la Maison des Jeunes les Gais Lurons ASBL.\" \/>\n<meta property=\"og:url\" content=\"https:\/\/www.mjlesgaislurons.be\/wordpress\/administrateurs\/\" \/>\n<meta property=\"og:site_name\" content=\"Maison des Jeunes Les Gais Lurons Asbl\" \/>\n<meta property=\"article:modified_time\" content=\"2025-05-18T22:25:23+00:00\" \/>\n<meta property=\"og:image\" content=\"http:\/\/www.mjlesgaislurons.be\/wordpress\/wp-content\/uploads\/2015\/11\/maryse-hoebeke.png\" \/>\n<meta name=\"twitter:card\" content=\"summary_large_image\" \/>\n<meta name=\"twitter:label1\" content=\"Dur\u00e9e de lecture estim\u00e9e\" \/>\n\t<meta name=\"twitter:data1\" content=\"2 minutes\" \/>\n<script type=\"application\/ld+json\" class=\"yoast-schema-graph\">{\"@context\":\"https:\/\/schema.org\",\"@graph\":[{\"@type\":\"WebPage\",\"@id\":\"https:\/\/www.mjlesgaislurons.be\/wordpress\/administrateurs\/\",\"url\":\"https:\/\/www.mjlesgaislurons.be\/wordpress\/administrateurs\/\",\"name\":\"Administrateurs - Maison des Jeunes Les Gais Lurons Asbl\",\"isPartOf\":{\"@id\":\"https:\/\/www.mjlesgaislurons.be\/wordpress\/#website\"},\"primaryImageOfPage\":{\"@id\":\"https:\/\/www.mjlesgaislurons.be\/wordpress\/administrateurs\/#primaryimage\"},\"image\":{\"@id\":\"https:\/\/www.mjlesgaislurons.be\/wordpress\/administrateurs\/#primaryimage\"},\"thumbnailUrl\":\"http:\/\/www.mjlesgaislurons.be\/wordpress\/wp-content\/uploads\/2015\/11\/maryse-hoebeke.png\",\"datePublished\":\"2015-12-03T13:58:24+00:00\",\"dateModified\":\"2025-05-18T22:25:23+00:00\",\"description\":\"Liste des administrateurs de la Maison des Jeunes les Gais Lurons ASBL.\",\"breadcrumb\":{\"@id\":\"https:\/\/www.mjlesgaislurons.be\/wordpress\/administrateurs\/#breadcrumb\"},\"inLanguage\":\"fr-FR\",\"potentialAction\":[{\"@type\":\"ReadAction\",\"target\":[\"https:\/\/www.mjlesgaislurons.be\/wordpress\/administrateurs\/\"]}]},{\"@type\":\"ImageObject\",\"inLanguage\":\"fr-FR\",\"@id\":\"https:\/\/www.mjlesgaislurons.be\/wordpress\/administrateurs\/#primaryimage\",\"url\":\"http:\/\/www.mjlesgaislurons.be\/wordpress\/wp-content\/uploads\/2015\/11\/maryse-hoebeke.png\",\"contentUrl\":\"http:\/\/www.mjlesgaislurons.be\/wordpress\/wp-content\/uploads\/2015\/11\/maryse-hoebeke.png\"},{\"@type\":\"BreadcrumbList\",\"@id\":\"https:\/\/www.mjlesgaislurons.be\/wordpress\/administrateurs\/#breadcrumb\",\"itemListElement\":[{\"@type\":\"ListItem\",\"position\":1,\"name\":\"Accueil\",\"item\":\"https:\/\/www.mjlesgaislurons.be\/wordpress\/\"},{\"@type\":\"ListItem\",\"position\":2,\"name\":\"Administrateurs\"}]},{\"@type\":\"WebSite\",\"@id\":\"https:\/\/www.mjlesgaislurons.be\/wordpress\/#website\",\"url\":\"https:\/\/www.mjlesgaislurons.be\/wordpress\/\",\"name\":\"Maison des Jeunes Les Gais Lurons Asbl\",\"description\":\"Nous sommes la pour vous!\",\"potentialAction\":[{\"@type\":\"SearchAction\",\"target\":{\"@type\":\"EntryPoint\",\"urlTemplate\":\"https:\/\/www.mjlesgaislurons.be\/wordpress\/?s={search_term_string}\"},\"query-input\":{\"@type\":\"PropertyValueSpecification\",\"valueRequired\":true,\"valueName\":\"search_term_string\"}}],\"inLanguage\":\"fr-FR\"}]}<\/script>\n<!-- \/ Yoast SEO plugin. -->","yoast_head_json":{"title":"Administrateurs - Maison des Jeunes Les Gais Lurons Asbl","description":"Liste des administrateurs de la Maison des Jeunes les Gais Lurons ASBL.","robots":{"index":"index","follow":"follow","max-snippet":"max-snippet:-1","max-image-preview":"max-image-preview:large","max-video-preview":"max-video-preview:-1"},"canonical":"https:\/\/www.mjlesgaislurons.be\/wordpress\/administrateurs\/","og_locale":"fr_FR","og_type":"article","og_title":"Administrateurs - Maison des Jeunes Les Gais Lurons Asbl","og_description":"Liste des administrateurs de la Maison des Jeunes les Gais Lurons ASBL.","og_url":"https:\/\/www.mjlesgaislurons.be\/wordpress\/administrateurs\/","og_site_name":"Maison des Jeunes Les Gais Lurons Asbl","article_modified_time":"2025-05-18T22:25:23+00:00","og_image":[{"url":"http:\/\/www.mjlesgaislurons.be\/wordpress\/wp-content\/uploads\/2015\/11\/maryse-hoebeke.png","type":"","width":"","height":""}],"twitter_card":"summary_large_image","twitter_misc":{"Dur\u00e9e de lecture estim\u00e9e":"2 minutes"},"schema":{"@context":"https:\/\/schema.org","@graph":[{"@type":"WebPage","@id":"https:\/\/www.mjlesgaislurons.be\/wordpress\/administrateurs\/","url":"https:\/\/www.mjlesgaislurons.be\/wordpress\/administrateurs\/","name":"Administrateurs - Maison des Jeunes Les Gais Lurons Asbl","isPartOf":{"@id":"https:\/\/www.mjlesgaislurons.be\/wordpress\/#website"},"primaryImageOfPage":{"@id":"https:\/\/www.mjlesgaislurons.be\/wordpress\/administrateurs\/#primaryimage"},"image":{"@id":"https:\/\/www.mjlesgaislurons.be\/wordpress\/administrateurs\/#primaryimage"},"thumbnailUrl":"http:\/\/www.mjlesgaislurons.be\/wordpress\/wp-content\/uploads\/2015\/11\/maryse-hoebeke.png","datePublished":"2015-12-03T13:58:24+00:00","dateModified":"2025-05-18T22:25:23+00:00","description":"Liste des administrateurs de la Maison des Jeunes les Gais Lurons ASBL.","breadcrumb":{"@id":"https:\/\/www.mjlesgaislurons.be\/wordpress\/administrateurs\/#breadcrumb"},"inLanguage":"fr-FR","potentialAction":[{"@type":"ReadAction","target":["https:\/\/www.mjlesgaislurons.be\/wordpress\/administrateurs\/"]}]},{"@type":"ImageObject","inLanguage":"fr-FR","@id":"https:\/\/www.mjlesgaislurons.be\/wordpress\/administrateurs\/#primaryimage","url":"http:\/\/www.mjlesgaislurons.be\/wordpress\/wp-content\/uploads\/2015\/11\/maryse-hoebeke.png","contentUrl":"http:\/\/www.mjlesgaislurons.be\/wordpress\/wp-content\/uploads\/2015\/11\/maryse-hoebeke.png"},{"@type":"BreadcrumbList","@id":"https:\/\/www.mjlesgaislurons.be\/wordpress\/administrateurs\/#breadcrumb","itemListElement":[{"@type":"ListItem","position":1,"name":"Accueil","item":"https:\/\/www.mjlesgaislurons.be\/wordpress\/"},{"@type":"ListItem","position":2,"name":"Administrateurs"}]},{"@type":"WebSite","@id":"https:\/\/www.mjlesgaislurons.be\/wordpress\/#website","url":"https:\/\/www.mjlesgaislurons.be\/wordpress\/","name":"Maison des Jeunes Les Gais Lurons Asbl","description":"Nous sommes la pour vous!","potentialAction":[{"@type":"SearchAction","target":{"@type":"EntryPoint","urlTemplate":"https:\/\/www.mjlesgaislurons.be\/wordpress\/?s={search_term_string}"},"query-input":{"@type":"PropertyValueSpecification","valueRequired":true,"valueName":"search_term_string"}}],"inLanguage":"fr-FR"}]}},"_links":{"self":[{"href":"https:\/\/www.mjlesgaislurons.be\/wordpress\/wp-json\/wp\/v2\/pages\/501","targetHints":{"allow":["GET"]}}],"collection":[{"href":"https:\/\/www.mjlesgaislurons.be\/wordpress\/wp-json\/wp\/v2\/pages"}],"about":[{"href":"https:\/\/www.mjlesgaislurons.be\/wordpress\/wp-json\/wp\/v2\/types\/page"}],"author":[{"embeddable":true,"href":"https:\/\/www.mjlesgaislurons.be\/wordpress\/wp-json\/wp\/v2\/users\/6"}],"replies":[{"embeddable":true,"href":"https:\/\/www.mjlesgaislurons.be\/wordpress\/wp-json\/wp\/v2\/comments?post=501"}],"version-history":[{"count":33,"href":"https:\/\/www.mjlesgaislurons.be\/wordpress\/wp-json\/wp\/v2\/pages\/501\/revisions"}],"predecessor-version":[{"id":183253,"href":"https:\/\/www.mjlesgaislurons.be\/wordpress\/wp-json\/wp\/v2\/pages\/501\/revisions\/183253"}],"wp:attachment":[{"href":"https:\/\/www.mjlesgaislurons.be\/wordpress\/wp-json\/wp\/v2\/media?parent=501"}],"curies":[{"name":"wp","href":"https:\/\/api.w.org\/{rel}","templated":true}]}}